{"id":1077,"date":"2025-05-26T22:35:44","date_gmt":"2025-05-26T20:35:44","guid":{"rendered":"https:\/\/centroccfogaszat.hu\/?page_id=1077"},"modified":"2025-09-15T16:08:07","modified_gmt":"2025-09-15T14:08:07","slug":"garantie","status":"publish","type":"page","link":"https:\/\/centroccfogaszat.hu\/de\/garancia\/","title":{"rendered":"Garancia"},"content":{"rendered":"<div data-elementor-type=\"wp-page\" data-elementor-id=\"1077\" class=\"elementor elementor-1077\" data-elementor-post-type=\"page\">\n\t\t\t\t<div class=\"elementor-element elementor-element-6f668789 e-flex e-con-boxed e-con e-parent\" data-id=\"6f668789\" data-element_type=\"container\" data-e-type=\"container\" data-settings=\"{&quot;background_background&quot;:&quot;classic&quot;}\">\n\t\t\t\t\t<div class=\"e-con-inner\">\n\t\t<div class=\"elementor-element elementor-element-20485b8d e-con-full e-flex e-con e-child\" data-id=\"20485b8d\" data-element_type=\"container\" data-e-type=\"container\">\n\t\t\t\t<div class=\"elementor-element elementor-element-4d869996 elementor-invisible elementor-widget elementor-widget-heading\" data-id=\"4d869996\" data-element_type=\"widget\" data-e-type=\"widget\" data-settings=\"{&quot;_animation&quot;:&quot;fadeInUp&quot;,&quot;_animation_delay&quot;:200}\" data-widget_type=\"heading.default\">\n\t\t\t\t<div class=\"elementor-widget-container\">\n\t\t\t\t\t<h3 class=\"elementor-heading-title elementor-size-default\">Garantie \u2013 Centrocc Zahnmedizin<\/h3>\t\t\t\t<\/div>\n\t\t\t\t<\/div>\n\t\t\t\t<\/div>\n\t\t\t\t\t<\/div>\n\t\t\t\t<\/div>\n\t\t<div class=\"elementor-element elementor-element-4a85598 e-flex e-con-boxed e-con e-parent\" data-id=\"4a85598\" data-element_type=\"container\" data-e-type=\"container\">\n\t\t\t\t\t<div class=\"e-con-inner\">\n\t\t<div class=\"elementor-element elementor-element-4a406fef e-flex e-con-boxed elementor-invisible e-con e-child\" data-id=\"4a406fef\" data-element_type=\"container\" data-e-type=\"container\" data-settings=\"{&quot;animation&quot;:&quot;fadeInLeft&quot;}\">\n\t\t\t\t\t<div class=\"e-con-inner\">\n\t\t\t\t<div class=\"elementor-element elementor-element-7ca1314 elementor-invisible elementor-widget elementor-widget-heading\" data-id=\"7ca1314\" data-element_type=\"widget\" data-e-type=\"widget\" data-settings=\"{&quot;_animation&quot;:&quot;fadeInUp&quot;}\" data-widget_type=\"heading.default\">\n\t\t\t\t<div class=\"elementor-widget-container\">\n\t\t\t\t\t<h1 class=\"elementor-heading-title elementor-size-default\">Eine Zahnarztgarantie, auf die Sie sich wirklich verlassen k\u00f6nnen<\/h1>\t\t\t\t<\/div>\n\t\t\t\t<\/div>\n\t\t\t\t<div class=\"elementor-element elementor-element-6a2cf04 elementor-invisible elementor-widget elementor-widget-heading\" data-id=\"6a2cf04\" data-element_type=\"widget\" data-e-type=\"widget\" data-settings=\"{&quot;_animation&quot;:&quot;fadeInUp&quot;}\" data-widget_type=\"heading.default\">\n\t\t\t\t<div class=\"elementor-widget-container\">\n\t\t\t\t\t<h2 class=\"elementor-heading-title elementor-size-default\">Was bedeutet Garantiezahnmedizin f\u00fcr Patienten?<\/h2>\t\t\t\t<\/div>\n\t\t\t\t<\/div>\n\t\t\t\t<div class=\"elementor-element elementor-element-ba365a9 elementor-widget elementor-widget-heading\" data-id=\"ba365a9\" data-element_type=\"widget\" data-e-type=\"widget\" data-widget_type=\"heading.default\">\n\t\t\t\t<div class=\"elementor-widget-container\">\n\t\t\t\t\t<h3 class=\"elementor-heading-title elementor-size-default\">A fogp\u00f3tl\u00e1sokat a legmagasabb eur\u00f3pai sz\u00ednvonalon k\u00e9sz\u00edtj\u00fck \u00e9s ezekre 3 \u00e9v teljes k\u00f6r\u0171 garanci\u00e1t v\u00e1llalunk. Minden egy\u00e9b \u00e1ltalunk elk\u00e9sz\u00edtett munk\u00e1ra f\u00e9l \u00e9v garanci\u00e1t adunk.<br>\nA garancia az \u00e1llapotfelm\u00e9r\u00e9s alapj\u00e1n fel\u00e1ll\u00edtott kezel\u00e9si terv v\u00e9grehajt\u00e1sa ut\u00e1n, a teljes program befejez\u00e9sekor kezd\u0151dik.<br><br>\nMint a gy\u00f3gy\u00e1szatban mindenhol, nem a gy\u00f3gy\u00edt\u00e1s siker\u00e9re (a c\u00e9l el\u00e9r\u00e9s\u00e9re) adunk garanci\u00e1t, hanem a szakma szab\u00e1lyai szerinti, magas sz\u00ednvonalon kivitelezett munk\u00e1ra.<br>\nEnnek az oka, hogy a gy\u00f3gy\u00edt\u00e1s sikere sok olyan egy\u00e9b k\u00f6r\u00fclm\u00e9nyt\u0151l is f\u00fcgg, amit befoly\u00e1solni nem \u00e1ll m\u00f3dunkban (pl. egy\u00e9ni biol\u00f3giai faktorok, lelki t\u00e9nyez\u0151k, stb.).<br><br>\nDie Gew\u00e4hrleistungspflicht von Centrocc Dental besteht nicht, wenn:<br><br>\n<ul>\n  <li>Die von ihm angefertigten Z\u00e4hne oder Zahnersatz werden nicht von ihm repariert.<\/li>\n  <li>Az \u00e9ves kontroll nem t\u00f6rt\u00e9nt meg.<\/li>\n  <li>Die Beschwerden werden durch die nat\u00fcrliche Abnutzung des Zahnfleisches und des Kieferknochens verursacht.<\/li>\n  <li>A panaszt nagyobb m\u00e9rt\u00e9k\u0171, r\u00f6vid id\u0151n bel\u00fcl bek\u00f6vetkez\u0151 tests\u00falycs\u00f6kken\u00e9s, vagy n\u00f6veked\u00e9s, vagy a r\u00e1g\u00f3szervek kedvez\u0151tlen kihat\u00e1s\u00fa, \u00e1ltal\u00e1nos megbeteged\u00e9s okozta (cukorbetegs\u00e9g, epilepszia, osteoporosis, sug\u00e1r- vagy citosztatikus kezel\u00e9s ut\u00e1n).<\/li>\n  <li>Die Mundhygiene wird vernachl\u00e4ssigt.<\/li>\n<\/ul>\n<br><br>\n<b>Stornierungsbedingungen<\/b><br><br>\nBitte teilen Sie uns 24 Stunden vor Behandlungsbeginn mit, wenn Sie Ihren Termin nicht wahrnehmen k\u00f6nnen. Andernfalls berechnen wir eine Standby-Geb\u00fchr von 10.000 HUF pro halbe Stunde.\n\n\n<\/h3>\t\t\t\t<\/div>\n\t\t\t\t<\/div>\n\t\t\t\t<div class=\"elementor-element elementor-element-769d46b elementor-hidden-desktop elementor-hidden-tablet elementor-hidden-mobile elementor-invisible elementor-widget elementor-widget-heading\" data-id=\"769d46b\" data-element_type=\"widget\" data-e-type=\"widget\" data-settings=\"{&quot;_animation&quot;:&quot;fadeInUp&quot;}\" data-widget_type=\"heading.default\">\n\t\t\t\t<div class=\"elementor-widget-container\">\n\t\t\t\t\t<h2 class=\"elementor-heading-title elementor-size-default\">Zahn\u00e4rztliche Behandlungen mit Garantie \u2013 sichere, langfristige L\u00f6sungen<\/h2>\t\t\t\t<\/div>\n\t\t\t\t<\/div>\n\t\t\t\t<div class=\"elementor-element elementor-element-2b639837 elementor-hidden-desktop elementor-hidden-tablet elementor-hidden-mobile elementor-widget elementor-widget-text-editor\" data-id=\"2b639837\" data-element_type=\"widget\" data-e-type=\"widget\" data-widget_type=\"text-editor.default\">\n\t\t\t\t<div class=\"elementor-widget-container\">\n\t\t\t\t\t\t\t\t\t<p class=\"normaltext translation-block\">Wir fertigen Zahnersatz nach h\u00f6chsten europ\u00e4ischen Standards und gew\u00e4hren darauf eine umfassende Garantie von 3 Jahren.  Auf alle anderen von uns ausgef\u00fchrten Arbeiten gew\u00e4hren wir eine Garantie von einem halben Jahr. Die Garantie beginnt nach der Durchf\u00fchrung des auf der Grundlage der Zustandsbeurteilung erstellten Behandlungsplans, nach Abschluss des gesamten Programms.<\/p><p class=\"normaltext translation-block\">Wie in der Medizin \u00fcblich, garantieren wir nicht den Behandlungserfolg (das Erreichen des Ziels), sondern die fachgerechte, qualitativ hochwertige Ausf\u00fchrung nach den Regeln des Berufsstandes.<br>\nDer Grund daf\u00fcr ist, dass der Erfolg einer Behandlung von vielen Faktoren abh\u00e4ngt, die wir nicht beeinflussen k\u00f6nnen (z.\u202fB. individuelle biologische Faktoren, psychische Einfl\u00fcsse usw.).<\/p><p class=\"normaltext\">Die Gew\u00e4hrleistungspflicht von Centrocc Dental besteht nicht, wenn:<\/p><ul><li class=\"normaltext\">Die von ihm angefertigten Z\u00e4hne oder Zahnersatz werden nicht von ihm repariert.<\/li><li class=\"normaltext\">Az \u00e9ves kontroll nem t\u00f6rtent meg.<\/li><li class=\"normaltext\">Die Beschwerden werden durch die nat\u00fcrliche Abnutzung des Zahnfleisches und des Kieferknochens verursacht.<\/li><li class=\"normaltext translation-block\">Die Beschwerden entstehen durch eine starke, kurzfristige Gewichtsabnahme oder -zunahme,<br>\noder durch eine allgemeine Erkrankung, die sich ung\u00fcnstig auf die Kauorgane auswirkt<br>\n(z.\u202fB. Diabetes, Epilepsie, Osteoporose, nach Strahlen- oder Zytostatikabehandlung).<\/li><li class=\"normaltext\">Die Mundhygiene wird vernachl\u00e4ssigt.<\/li><\/ul><p><strong>Stornierungsbedingungen<\/strong><\/p><p>Bitte teilen Sie uns 24 Stunden vor Behandlungsbeginn mit, wenn Sie Ihren Termin nicht wahrnehmen k\u00f6nnen. Andernfalls berechnen wir eine Standby-Geb\u00fchr von 10.000 HUF pro halbe Stunde.<\/p>\t\t\t\t\t\t\t\t<\/div>\n\t\t\t\t<\/div>\n\t\t\t\t<div class=\"elementor-element elementor-element-cfa1181 elementor-align-center elementor-invisible elementor-widget elementor-widget-button\" data-id=\"cfa1181\" data-element_type=\"widget\" data-e-type=\"widget\" data-settings=\"{&quot;_animation&quot;:&quot;fadeInUp&quot;,&quot;_animation_delay&quot;:300}\" data-widget_type=\"button.default\">\n\t\t\t\t<div class=\"elementor-widget-container\">\n\t\t\t\t\t\t\t\t\t<div class=\"elementor-button-wrapper\">\n\t\t\t\t\t<a class=\"elementor-button elementor-button-link elementor-size-sm elementor-animation-float\" href=\"https:\/\/centroccfogaszat.hu\/de\/fogaszat-becsi-ut-centrocc-dental\/\">\n\t\t\t\t\t\t<span class=\"elementor-button-content-wrapper\">\n\t\t\t\t\t\t\t\t\t<span class=\"elementor-button-text\">Unsere Kontaktdaten<\/span>\n\t\t\t\t\t<\/span>\n\t\t\t\t\t<\/a>\n\t\t\t\t<\/div>\n\t\t\t\t\t\t\t\t<\/div>\n\t\t\t\t<\/div>\n\t\t\t\t\t<\/div>\n\t\t\t\t<\/div>\n\t\t\t\t\t<\/div>\n\t\t\t\t<\/div>\n\t\t<div class=\"elementor-element elementor-element-35bc08b e-flex e-con-boxed e-con e-parent\" data-id=\"35bc08b\" data-element_type=\"container\" data-e-type=\"container\" data-settings=\"{&quot;background_background&quot;:&quot;classic&quot;}\">\n\t\t\t\t\t<div class=\"e-con-inner\">\n\t\t<div class=\"elementor-element elementor-element-073dc82 e-con-full e-flex e-con e-child\" data-id=\"073dc82\" data-element_type=\"container\" data-e-type=\"container\">\n\t\t\t\t<div class=\"elementor-element elementor-element-377dd20 elementor-invisible elementor-widget elementor-widget-heading\" data-id=\"377dd20\" data-element_type=\"widget\" data-e-type=\"widget\" data-settings=\"{&quot;_animation&quot;:&quot;fadeInUp&quot;}\" data-widget_type=\"heading.default\">\n\t\t\t\t<div class=\"elementor-widget-container\">\n\t\t\t\t\t<h3 class=\"elementor-heading-title elementor-size-default\">Entdecken Sie unsere Dienstleistungen!<\/h3>\t\t\t\t<\/div>\n\t\t\t\t<\/div>\n\t\t\t\t<div class=\"elementor-element elementor-element-d493c5c elementor-invisible elementor-widget elementor-widget-heading\" data-id=\"d493c5c\" data-element_type=\"widget\" data-e-type=\"widget\" data-settings=\"{&quot;_animation&quot;:&quot;fadeInUp&quot;,&quot;_animation_delay&quot;:200}\" data-widget_type=\"heading.default\">\n\t\t\t\t<div class=\"elementor-widget-container\">\n\t\t\t\t\t<div class=\"elementor-heading-title elementor-size-default\">Entdecken Sie unser umfassendes Behandlungsangebot, mit dem Sie Ihr L\u00e4cheln noch ges\u00fcnder und selbstbewusster machen k\u00f6nnen! St\u00f6bern Sie in unseren Leistungen und finden Sie die f\u00fcr Sie ideale L\u00f6sung in unserer Praxis.<\/div>\t\t\t\t<\/div>\n\t\t\t\t<\/div>\n\t\t\t\t<div class=\"elementor-element elementor-element-bc22d2b elementor-align-center elementor-invisible elementor-widget elementor-widget-button\" data-id=\"bc22d2b\" data-element_type=\"widget\" data-e-type=\"widget\" data-settings=\"{&quot;_animation&quot;:&quot;fadeInUp&quot;,&quot;_animation_delay&quot;:300}\" data-widget_type=\"button.default\">\n\t\t\t\t<div class=\"elementor-widget-container\">\n\t\t\t\t\t\t\t\t\t<div class=\"elementor-button-wrapper\">\n\t\t\t\t\t<a class=\"elementor-button elementor-button-link elementor-size-sm elementor-animation-float\" href=\"https:\/\/centroccfogaszat.hu\/de\/fogaszati-kezelesek-fajdalommentes-fogaszat\/\">\n\t\t\t\t\t\t<span class=\"elementor-button-content-wrapper\">\n\t\t\t\t\t\t\t\t\t<span class=\"elementor-button-text\">Unsere Dienstleistungen<\/span>\n\t\t\t\t\t<\/span>\n\t\t\t\t\t<\/a>\n\t\t\t\t<\/div>\n\t\t\t\t\t\t\t\t<\/div>\n\t\t\t\t<\/div>\n\t\t\t\t<\/div>\n\t\t\t\t\t<\/div>\n\t\t\t\t<\/div>\n\t\t\t\t<\/div>","protected":false},"excerpt":{"rendered":"<p>Garancia &#8211; Centrocc fog\u00e1szat Fog\u00e1szati garancia, amiben val\u00f3ban megb\u00edzhatsz Mit jelent a garanci\u00e1lis fog\u00e1szat a p\u00e1ciensek sz\u00e1m\u00e1ra? A fogp\u00f3tl\u00e1sokat a legmagasabb eur\u00f3pai sz\u00ednvonalon k\u00e9sz\u00edtj\u00fck \u00e9s ezekre 3 \u00e9v teljes k\u00f6r\u0171 garanci\u00e1t v\u00e1llalunk. Minden egy\u00e9b \u00e1ltalunk elk\u00e9sz\u00edtett munk\u00e1ra f\u00e9l \u00e9v garanci\u00e1t adunk. A garancia az \u00e1llapotfelm\u00e9r\u00e9s alapj\u00e1n fel\u00e1ll\u00edtott kezel\u00e9si terv v\u00e9grehajt\u00e1sa ut\u00e1n, a teljes program befejez\u00e9sekor [&hellip;]<\/p>\n","protected":false},"author":2,"featured_media":0,"parent":0,"menu_order":0,"comment_status":"closed","ping_status":"closed","template":"elementor_header_footer","meta":{"_seopress_robots_primary_cat":"","_seopress_titles_title":"Garanci\u00e1lis fog\u00e1szat \u2013 Fog\u00e1szati kezel\u00e9sek val\u00f3di garanci\u00e1val","_seopress_titles_desc":"Tart\u00f3s megold\u00e1sok garanci\u00e1val! V\u00e1laszd a garanci\u00e1lis fog\u00e1szatot, ahol minden kezel\u00e9shez biztos\u00edtott fog\u00e1szati garancia j\u00e1r - min\u0151s\u00e9g, megb\u00edzhat\u00f3s\u00e1g, bizalom.","_seopress_robots_index":"","footnotes":""},"class_list":["post-1077","page","type-page","status-publish","hentry"],"_links":{"self":[{"href":"https:\/\/centroccfogaszat.hu\/de\/wp-json\/wp\/v2\/pages\/1077","targetHints":{"allow":["GET"]}}],"collection":[{"href":"https:\/\/centroccfogaszat.hu\/de\/wp-json\/wp\/v2\/pages"}],"about":[{"href":"https:\/\/centroccfogaszat.hu\/de\/wp-json\/wp\/v2\/types\/page"}],"author":[{"embeddable":true,"href":"https:\/\/centroccfogaszat.hu\/de\/wp-json\/wp\/v2\/users\/2"}],"replies":[{"embeddable":true,"href":"https:\/\/centroccfogaszat.hu\/de\/wp-json\/wp\/v2\/comments?post=1077"}],"version-history":[{"count":66,"href":"https:\/\/centroccfogaszat.hu\/de\/wp-json\/wp\/v2\/pages\/1077\/revisions"}],"predecessor-version":[{"id":3150,"href":"https:\/\/centroccfogaszat.hu\/de\/wp-json\/wp\/v2\/pages\/1077\/revisions\/3150"}],"wp:attachment":[{"href":"https:\/\/centroccfogaszat.hu\/de\/wp-json\/wp\/v2\/media?parent=1077"}],"curies":[{"name":"wp","href":"https:\/\/api.w.org\/{rel}","templated":true}]}}